{"id":1050,"date":"2025-02-20T11:06:37","date_gmt":"2025-02-20T10:06:37","guid":{"rendered":"https:\/\/www.camping-lamarmotte.com\/?page_id=1050"},"modified":"2026-03-29T12:08:06","modified_gmt":"2026-03-29T10:08:06","slug":"experiencia-a-lo-largo-del-tiempo","status":"publish","type":"page","link":"https:\/\/www.camping-lamarmotte.com\/es\/carnet-de-vacances-ariege\/experience-au-fil-du-temps\/","title":{"rendered":"Experiencia a lo largo del tiempo"},"content":{"rendered":"<p data-block-type=\"core\"><\/p>\n\n\n\n<div class=\"wp-block-stackable-columns alignwide stk-block-columns stk-block stk-824f854\" data-block-id=\"824f854\"><style>.stk-824f854 .stk--block-align-824f854{align-items:center !important;}.stk-824f854 {margin-top:48px !important;margin-bottom:50px !important;}.stk-824f854-column{--stk-columns-spacing:0px !important;--stk-column-gap:24px !important;}<\/style><div class=\"stk-row stk-inner-blocks stk--block-align-824f854 stk-block-content stk-content-align stk-824f854-column alignwide\">\n<div class=\"wp-block-stackable-column stk-block-column stk-column stk-block stk-4349225\" data-v=\"4\" data-block-id=\"4349225\"><div class=\"stk-column-wrapper stk-block-column__content stk-container stk-4349225-container stk--no-background stk--no-padding\"><div class=\"stk-block-content stk-inner-blocks stk-4349225-inner-blocks\">\n<div class=\"wp-block-stackable-image stk-block-image stk-block stk-df8033d\" data-block-id=\"df8033d\"><style>.stk-df8033d {box-shadow:-2px 2px 20px 6px #12121252 !important;}.stk-df8033d .stk-img-wrapper{width:100% !important;height:468px !important;}<\/style><figure><span class=\"stk-img-wrapper stk-image--shape-stretch\"><img loading=\"lazy\" decoding=\"async\" class=\"stk-img wp-image-10910\" src=\"https:\/\/www.camping-lamarmotte.com\/wp-content\/uploads\/2025\/05\/general-view-areos-cosgaya-municipality-camaleo-cantabria-spain-Personnalise.jpg\" width=\"1000\" height=\"667\" alt=\"visitas hist\u00f3ricas obligadas cerca de la marmota\" srcset=\"https:\/\/www.camping-lamarmotte.com\/wp-content\/uploads\/2025\/05\/general-view-areos-cosgaya-municipality-camaleo-cantabria-spain-Personnalise.jpg 1000w, https:\/\/www.camping-lamarmotte.com\/wp-content\/uploads\/2025\/05\/general-view-areos-cosgaya-municipality-camaleo-cantabria-spain-Personnalise-300x200.jpg 300w, https:\/\/www.camping-lamarmotte.com\/wp-content\/uploads\/2025\/05\/general-view-areos-cosgaya-municipality-camaleo-cantabria-spain-Personnalise-768x512.jpg 768w, https:\/\/www.camping-lamarmotte.com\/wp-content\/uploads\/2025\/05\/general-view-areos-cosgaya-municipality-camaleo-cantabria-spain-Personnalise-18x12.jpg 18w, https:\/\/www.camping-lamarmotte.com\/wp-content\/uploads\/2025\/05\/general-view-areos-cosgaya-municipality-camaleo-cantabria-spain-Personnalise-500x334.jpg 500w, https:\/\/www.camping-lamarmotte.com\/wp-content\/uploads\/2025\/05\/general-view-areos-cosgaya-municipality-camaleo-cantabria-spain-Personnalise-800x534.jpg 800w\" sizes=\"auto, (max-width: 1000px) 100vw, 1000px\" \/><\/span><\/figure><\/div>\n<\/div><\/div><\/div>\n\n\n\n<div class=\"wp-block-stackable-column stk-block-column stk-column stk-block stk-59364e5\" data-v=\"4\" data-block-id=\"59364e5\"><div class=\"stk-column-wrapper stk-block-column__content stk-container stk-59364e5-container stk--no-background stk--no-padding\"><div class=\"stk-block-content stk-inner-blocks stk-59364e5-inner-blocks\">\n<div class=\"wp-block-stackable-text stk-block-text stk-block stk-e4dc09a\" data-block-id=\"e4dc09a\"><style>.stk-e4dc09a {margin-bottom:11px !important;}.stk-e4dc09a .stk-block-text__text{font-size:1rem !important;}@media screen and (max-width: 1023px){.stk-e4dc09a .stk-block-text__text{font-size:1rem !important;}}<\/style><p class=\"stk-block-text__text\">Durante su estancia en el camping La Marmotte, haga un viaje en el tiempo visitando <strong>algunos hitos hist\u00f3ricos<\/strong> cerca de su destino de vacaciones.<\/p><\/div>\n\n\n\n<div class=\"wp-block-stackable-text stk-block-text stk-block stk-a324667 stk-block-background\" data-block-id=\"a324667\"><style>.stk-a324667 {background-color:#e8702a21 !important;margin-bottom:11px !important;}.stk-a324667:before{background-color:#e8702a21 !important;}.stk-a324667 .stk-block-text__text{font-size:1rem !important;}@media screen and (max-width: 1023px){.stk-a324667 .stk-block-text__text{font-size:1rem !important;}}<\/style><p class=\"stk-block-text__text\"><strong><em>Algunas informaciones pr\u00e1cticas antes de partir:<br><\/em><\/strong><br> Aseg\u00farese de llevar buen calzado, ya que los caminos que recorreremos no siempre ser\u00e1n lisos.<br>- Lleve agua en abundancia, que ser\u00e1 muy apreciada cuando haga calor.<br>- Como siempre, para protegerse del calor y del sol, ll\u00e9vese gorras, sombreros y crema solar, ya que vamos a pasar alg\u00fan tiempo al aire libre y en la naturaleza.<\/p><\/div>\n<\/div><\/div><\/div>\n<\/div><\/div>\n\n\n\n<div class=\"wp-block-stackable-columns alignwide stk-block-columns stk-block stk-f399776\" data-block-id=\"f399776\"><style>.stk-f399776 .stk--block-align-f399776{align-items:center !important;}.stk-f399776 {margin-bottom:50px !important;}.stk-f399776-column{--stk-columns-spacing:0px !important;--stk-column-gap:24px !important;}<\/style><div class=\"stk-row stk-inner-blocks stk--block-align-f399776 stk-block-content stk-content-align stk-f399776-column alignwide\">\n<div class=\"wp-block-stackable-column stk-block-column stk-column stk-block stk-52c7813\" data-v=\"4\" data-block-id=\"52c7813\"><div class=\"stk-column-wrapper stk-block-column__content stk-container stk-52c7813-container stk--no-background stk--no-padding\"><div class=\"stk-block-content stk-inner-blocks stk-52c7813-inner-blocks\">\n<div class=\"wp-block-stackable-heading stk-block-heading stk-block-heading--v2 stk-block stk-07e7f55\" id=\"premier-arret-le-chateau-de-foix\" data-block-id=\"07e7f55\"><style>.stk-07e7f55 {margin-bottom:0px !important;}.stk-07e7f55 .stk-block-heading__text{font-size:2.5rem !important;color:var(--stk-global-color-14243, #e86f2a) !important;text-transform:uppercase !important;font-family:\"Changa One\", Sans-serif !important;}@media screen and (max-width: 1023px){.stk-07e7f55 .stk-block-heading__text{font-size:2.5rem !important;}}<\/style><h2 class=\"stk-block-heading__text has-text-color has-text-align-left\">Primera parada: Ch\u00e2teau de Foix<\/h2><\/div>\n\n\n\n<div class=\"wp-block-stackable-text stk-block-text stk-block stk-f75f703\" data-block-id=\"f75f703\"><style>.stk-f75f703 {margin-bottom:11px !important;}.stk-f75f703 .stk-block-text__text{font-size:1rem !important;}@media screen and (max-width: 1023px){.stk-f75f703 .stk-block-text__text{font-size:1rem !important;}}<\/style><p class=\"stk-block-text__text\">Todo el mundo est\u00e1 bajando, y hemos llegado para nuestra primera excursi\u00f3n al <strong>Castillo de Foix<\/strong>Nuestro viaje en el tiempo comienza con la Edad Media y el Renacimiento.<br><br>Construido en el siglo XI, este castillo estaba estrat\u00e9gicamente situado en una alta roca que domina la ciudad de Foix. Construido por los condes de Foix, fue testigo de numerosas batallas. Durante el Renacimiento, se utiliz\u00f3 como prisi\u00f3n. Y hoy en d\u00eda, se puede admirar tanto el interior como el exterior para sumergirse en la vida de aquella \u00e9poca. En su interior hay un museo, as\u00ed como exposiciones en las diferentes salas del castillo.<br>Desde las murallas, admire esta magn\u00edfica <strong>vista panor\u00e1mica<\/strong> en las monta\u00f1as. Las torres tambi\u00e9n son de \u00e9poca, aunque han sido renovadas a lo largo de los a\u00f1os.<br><br>Durante el verano <strong>entretenimiento <\/strong>La historia del castillo, las personas que vivieron en \u00e9l, los oficios de la \u00e9poca... Y con un poco de suerte, \u00a1podr\u00e1s ayudar a poner en marcha la aut\u00e9ntica catapulta de anta\u00f1o!<br><br>Gracias a <strong>muestra <\/strong>experiencia inmersiva, podr\u00e1 conocer a herreros, canteros y otros artesanos, dispuestos a explicarle su trabajo y ofrecerle una experiencia \u00fanica.<\/p><\/div>\n\n\n\n<div class=\"wp-block-group has-background has-global-padding is-layout-constrained wp-container-core-group-is-layout-52009084 wp-block-group-is-layout-constrained\" style=\"background-color:#e8702a21;padding-top:var(--wp--preset--spacing--40);padding-right:var(--wp--preset--spacing--40);padding-bottom:var(--wp--preset--spacing--40);padding-left:var(--wp--preset--spacing--40)\" data-block-type=\"core\"><\/div>\n<\/div><\/div><\/div>\n\n\n\n<div class=\"wp-block-stackable-column stk-block-column stk-column stk-block stk-4517fc2\" data-v=\"4\" data-block-id=\"4517fc2\"><div class=\"stk-column-wrapper stk-block-column__content stk-container stk-4517fc2-container stk--no-background stk--no-padding\"><div class=\"stk-block-content stk-inner-blocks stk-4517fc2-inner-blocks\">\n<div class=\"wp-block-stackable-image stk-block-image stk-block stk-9d0de87\" data-block-id=\"9d0de87\"><style>.stk-9d0de87 {box-shadow:-2px 2px 20px 6px #12121252 !important;}.stk-9d0de87 .stk-img-wrapper{width:100% !important;height:785px !important;}<\/style><figure><span class=\"stk-img-wrapper stk-image--shape-stretch\"><img loading=\"lazy\" decoding=\"async\" class=\"stk-img wp-image-1054\" src=\"https:\/\/www.camping-lamarmotte.com\/wp-content\/uploads\/2025\/02\/IMGP0024-Personnalise-rotated-1.jpg\" width=\"598\" height=\"900\" alt=\"el castillo de foix en ari\u00e8ge\" srcset=\"https:\/\/www.camping-lamarmotte.com\/wp-content\/uploads\/2025\/02\/IMGP0024-Personnalise-rotated-1.jpg 598w, https:\/\/www.camping-lamarmotte.com\/wp-content\/uploads\/2025\/02\/IMGP0024-Personnalise-rotated-1-199x300.jpg 199w, https:\/\/www.camping-lamarmotte.com\/wp-content\/uploads\/2025\/02\/IMGP0024-Personnalise-rotated-1-500x753.jpg 500w\" sizes=\"auto, (max-width: 598px) 100vw, 598px\" \/><\/span><\/figure><\/div>\n<\/div><\/div><\/div>\n<\/div><\/div>\n\n\n\n<div class=\"wp-block-stackable-columns alignwide stk-block-columns stk-block stk-dfb4cfb\" data-block-id=\"dfb4cfb\"><style>.stk-dfb4cfb .stk--block-align-dfb4cfb{align-items:center !important;}.stk-dfb4cfb {margin-bottom:50px !important;}.stk-dfb4cfb-column{--stk-columns-spacing:0px !important;--stk-column-gap:24px !important;}<\/style><div class=\"stk-row stk-inner-blocks stk--block-align-dfb4cfb stk-block-content stk-content-align stk-dfb4cfb-column alignwide\">\n<div class=\"wp-block-stackable-column stk-block-column stk-column stk-block stk-fcdce15\" data-v=\"4\" data-block-id=\"fcdce15\"><div class=\"stk-column-wrapper stk-block-column__content stk-container stk-fcdce15-container stk--no-background stk--no-padding\"><div class=\"stk-block-content stk-inner-blocks stk-fcdce15-inner-blocks\">\n<div class=\"wp-block-stackable-image stk-block-image stk-block stk-f56925b\" data-block-id=\"f56925b\"><style>.stk-f56925b {box-shadow:-2px 2px 20px 6px #12121252 !important;}.stk-f56925b .stk-img-wrapper{width:100% !important;height:450px !important;}<\/style><figure><span class=\"stk-img-wrapper stk-image--shape-stretch\"><img loading=\"lazy\" decoding=\"async\" class=\"stk-img wp-image-1055\" src=\"https:\/\/www.camping-lamarmotte.com\/wp-content\/uploads\/2025\/02\/IMGP0007-Personnalise.jpg\" width=\"900\" height=\"598\" alt=\"Ax les Thermes\" srcset=\"https:\/\/www.camping-lamarmotte.com\/wp-content\/uploads\/2025\/02\/IMGP0007-Personnalise.jpg 900w, https:\/\/www.camping-lamarmotte.com\/wp-content\/uploads\/2025\/02\/IMGP0007-Personnalise-300x199.jpg 300w, https:\/\/www.camping-lamarmotte.com\/wp-content\/uploads\/2025\/02\/IMGP0007-Personnalise-768x510.jpg 768w, https:\/\/www.camping-lamarmotte.com\/wp-content\/uploads\/2025\/02\/IMGP0007-Personnalise-500x332.jpg 500w, https:\/\/www.camping-lamarmotte.com\/wp-content\/uploads\/2025\/02\/IMGP0007-Personnalise-800x532.jpg 800w\" sizes=\"auto, (max-width: 900px) 100vw, 900px\" \/><\/span><\/figure><\/div>\n<\/div><\/div><\/div>\n\n\n\n<div class=\"wp-block-stackable-column stk-block-column stk-column stk-block stk-b1a87a7\" data-v=\"4\" data-block-id=\"b1a87a7\"><div class=\"stk-column-wrapper stk-block-column__content stk-container stk-b1a87a7-container stk--no-background stk--no-padding\"><div class=\"stk-block-content stk-inner-blocks stk-b1a87a7-inner-blocks\">\n<div class=\"wp-block-stackable-heading stk-block-heading stk-block-heading--v2 stk-block stk-dec9834\" id=\"prochain-arret-une-pause-dejeuner-au-coeur-de-la-verdure\" data-block-id=\"dec9834\"><style>.stk-dec9834 {margin-bottom:0px !important;}.stk-dec9834 .stk-block-heading__text{font-size:2.5rem !important;color:var(--stk-global-color-14243, #e86f2a) !important;text-transform:uppercase !important;font-family:\"Changa One\", Sans-serif !important;}@media screen and (max-width: 1023px){.stk-dec9834 .stk-block-heading__text{font-size:2.5rem !important;}}<\/style><h2 class=\"stk-block-heading__text has-text-color has-text-align-left\">Pr\u00f3xima parada: un almuerzo en plena naturaleza<\/h2><\/div>\n\n\n\n<div class=\"wp-block-stackable-text stk-block-text stk-block stk-12655c1\" data-block-id=\"12655c1\"><style>.stk-12655c1 {margin-bottom:11px !important;}.stk-12655c1 .stk-block-text__text{font-size:1rem !important;}@media screen and (max-width: 1023px){.stk-12655c1 .stk-block-text__text{font-size:1rem !important;}}<\/style><p class=\"stk-block-text__text\">Justo antes de su pr\u00f3xima excursi\u00f3n, t\u00f3mese un tiempo para recargar las pilas. Hay muchas zonas de picnic a lo largo del camino.\n\nAs\u00ed que extienda su mantel y disfrute de su almuerzo, ya sean bocadillos, ensaladas, fruta, pan, zumo, etc. No dude en a\u00f1adir productos locales como queso Bethmale o Moulis, o un vino o zumo de la zona.<\/p><\/div>\n<\/div><\/div><\/div>\n<\/div><\/div>\n\n\n\n<div class=\"wp-block-stackable-columns alignwide stk-block-columns stk-block stk-77dc932\" data-block-id=\"77dc932\"><style>.stk-77dc932 .stk--block-align-77dc932{align-items:center !important;}.stk-77dc932 {margin-bottom:50px !important;}.stk-77dc932-column{--stk-columns-spacing:0px !important;--stk-column-gap:24px !important;}<\/style><div class=\"stk-row stk-inner-blocks stk--block-align-77dc932 stk-block-content stk-content-align stk-77dc932-column alignwide\">\n<div class=\"wp-block-stackable-column stk-block-column stk-column stk-block stk-6c849f8\" data-v=\"4\" data-block-id=\"6c849f8\"><div class=\"stk-column-wrapper stk-block-column__content stk-container stk-6c849f8-container stk--no-background stk--no-padding\"><div class=\"stk-block-content stk-inner-blocks stk-6c849f8-inner-blocks\">\n<div class=\"wp-block-stackable-heading stk-block-heading stk-block-heading--v2 stk-block stk-460b998\" id=\"dernier-arret-tout-le-monde-descend-a-la-grotte-de-niaux\" data-block-id=\"460b998\"><style>.stk-460b998 {margin-bottom:0px !important;}.stk-460b998 .stk-block-heading__text{font-size:2.5rem !important;color:var(--stk-global-color-14243, #e86f2a) !important;text-transform:uppercase !important;font-family:\"Changa One\", Sans-serif !important;}@media screen and (max-width: 1023px){.stk-460b998 .stk-block-heading__text{font-size:2.5rem !important;}}<\/style><h3 class=\"stk-block-heading__text has-text-color has-text-align-left\">\u00daltima parada, todo el mundo se dirige a la Gruta de Niaux<\/h3><\/div>\n\n\n\n<div class=\"wp-block-stackable-text stk-block-text stk-block stk-4aede7d\" data-block-id=\"4aede7d\"><style>.stk-4aede7d {margin-bottom:11px !important;}.stk-4aede7d .stk-block-text__text{font-size:1rem !important;}@media screen and (max-width: 1023px){.stk-4aede7d .stk-block-text__text{font-size:1rem !important;}}<\/style><p class=\"stk-block-text__text\">En esta tarde soleada, nos dirigimos a la Gruta de Niaux. Este paseo nos devuelve a la <strong>Prehistoria<\/strong>. Tardar\u00e1 media hora en llegar en coche desde el Ch\u00e2teau de Foix.<br><br>La cueva de Niaux est\u00e1 situada en los Pirineos, cerca del pueblo de Niaux, y es una aut\u00e9ntica maravilla local. Data de hace unos 14.000 a\u00f1os.<br>Este tesoro arqueol\u00f3gico se extiende a lo largo de casi 2 kil\u00f3metros de galer\u00edas subterr\u00e1neas, aunque s\u00f3lo una peque\u00f1a parte est\u00e1 abierta al p\u00fablico por motivos de conservaci\u00f3n. Durante su visita, ver\u00e1 lo m\u00e1s destacado de la cueva de Niaux: la Salle du Grand Plafond. Esta gran \"sala\" oscura est\u00e1 decorada con impresionantes estalactitas y estalagmitas.<br><br><em><strong>C\u00f3mo marcar la diferencia<\/strong> ? Bueno, recuerda que los stalagTites caen y los stalagMites se levantan.<\/em><br><br>Y si abre bien los ojos, ver\u00e1 por qu\u00e9 es famoso este lugar: el <strong>pinturas rupestres <\/strong>en las paredes.<br><br>Podr\u00e1 apreciar toda su belleza, realismo y calidad. Bisontes, caballos, cabras, animales de todo tipo se mezclan en una sinfon\u00eda de colores. Los materiales utilizados para los dibujos no son otros que elementos naturales, los mismos que se encuentran hoy en la naturaleza: carb\u00f3n y ocre. Puede realizar una visita guiada a la cueva, que dura una hora y media. Consulte los horarios de apertura en este sitio web: <a href=\"https:\/\/www.sites-touristiques-ariege.fr\/grotte-de-niaux\/\" target=\"_blank\" rel=\"noreferrer noopener\">https:\/\/www.sites-touristiques-ariege.fr\/grotte-de-niaux\/<\/a><br><br>Piensa en <strong>reservar con antelaci\u00f3n<\/strong> para asegurarse de que hay sitio para usted ese d\u00eda. Despu\u00e9s de este hermoso d\u00eda, es hora de volver sobre sus pasos y regresar a su casa m\u00f3vil o a su parcela en el camping la Marmotte.<\/p><\/div>\n<\/div><\/div><\/div>\n\n\n\n<div class=\"wp-block-stackable-column stk-block-column stk-column stk-block stk-33d0df8\" data-v=\"4\" data-block-id=\"33d0df8\"><div class=\"stk-column-wrapper stk-block-column__content stk-container stk-33d0df8-container stk--no-background stk--no-padding\"><div class=\"stk-block-content stk-inner-blocks stk-33d0df8-inner-blocks\">\n<div class=\"wp-block-stackable-image stk-block-image stk-block stk-875a240\" data-block-id=\"875a240\"><style>.stk-875a240 {box-shadow:-2px 2px 20px 6px #12121252 !important;}.stk-875a240 .stk-img-wrapper{width:100% !important;height:761px !important;}<\/style><figure><span class=\"stk-img-wrapper stk-image--shape-stretch\"><img loading=\"lazy\" decoding=\"async\" class=\"stk-img wp-image-1056\" src=\"https:\/\/www.camping-lamarmotte.com\/wp-content\/uploads\/2025\/02\/experience-au-fil-du-temps.jpg\" width=\"700\" height=\"327\" alt=\"la cueva de niaux\" srcset=\"https:\/\/www.camping-lamarmotte.com\/wp-content\/uploads\/2025\/02\/experience-au-fil-du-temps.jpg 700w, https:\/\/www.camping-lamarmotte.com\/wp-content\/uploads\/2025\/02\/experience-au-fil-du-temps-300x140.jpg 300w, https:\/\/www.camping-lamarmotte.com\/wp-content\/uploads\/2025\/02\/experience-au-fil-du-temps-500x234.jpg 500w\" sizes=\"auto, (max-width: 700px) 100vw, 700px\" \/><\/span><\/figure><\/div>\n<\/div><\/div><\/div>\n<\/div><\/div>","protected":false},"excerpt":{"rendered":"<p>Pendant votre s\u00e9jour au camping la Marmotte, offrez-vous un retour vers le pass\u00e9 en visitant quelques incontournables historiques proches de votre lieu de vacances. Quelques informations pratiques avant de partir : Munissez-vous de bonnes chaussures, les chemins que nous emprunterons ne seront pas toujours lisses&#8211; Pr\u00e9voyez de l\u2019eau, en cas de forte chaleur elle sera [&hellip;]<\/p>\n","protected":false},"author":1,"featured_media":1045,"parent":1127,"menu_order":0,"comment_status":"closed","ping_status":"closed","template":"","meta":{"_acf_changed":false,"_seopress_robots_primary_cat":"","_seopress_titles_title":"Exp\u00e9rience au fil du temps en Ari\u00e8ge - Camping La Marmotte","_seopress_titles_desc":"Faites un bond dans le pass\u00e9. Lors de votre s\u00e9jour au sein du camping la Marmotte, profitez de tous les points d'int\u00e9r\u00eats en Ari\u00e8ge","_seopress_robots_index":"","_vp_format_video_url":"","_vp_image_focal_point":[],"footnotes":""},"class_list":["post-1050","page","type-page","status-publish","has-post-thumbnail","hentry"],"acf":[],"_links":{"self":[{"href":"https:\/\/www.camping-lamarmotte.com\/es\/wp-json\/wp\/v2\/pages\/1050","targetHints":{"allow":["GET"]}}],"collection":[{"href":"https:\/\/www.camping-lamarmotte.com\/es\/wp-json\/wp\/v2\/pages"}],"about":[{"href":"https:\/\/www.camping-lamarmotte.com\/es\/wp-json\/wp\/v2\/types\/page"}],"author":[{"embeddable":true,"href":"https:\/\/www.camping-lamarmotte.com\/es\/wp-json\/wp\/v2\/users\/1"}],"replies":[{"embeddable":true,"href":"https:\/\/www.camping-lamarmotte.com\/es\/wp-json\/wp\/v2\/comments?post=1050"}],"version-history":[{"count":6,"href":"https:\/\/www.camping-lamarmotte.com\/es\/wp-json\/wp\/v2\/pages\/1050\/revisions"}],"predecessor-version":[{"id":24985,"href":"https:\/\/www.camping-lamarmotte.com\/es\/wp-json\/wp\/v2\/pages\/1050\/revisions\/24985"}],"up":[{"embeddable":true,"href":"https:\/\/www.camping-lamarmotte.com\/es\/wp-json\/wp\/v2\/pages\/1127"}],"wp:featuredmedia":[{"embeddable":true,"href":"https:\/\/www.camping-lamarmotte.com\/es\/wp-json\/wp\/v2\/media\/1045"}],"wp:attachment":[{"href":"https:\/\/www.camping-lamarmotte.com\/es\/wp-json\/wp\/v2\/media?parent=1050"}],"curies":[{"name":"wp","href":"https:\/\/api.w.org\/{rel}","templated":true}]}}